{"id":6737,"date":"2016-10-08T16:19:22","date_gmt":"2016-10-08T16:19:22","guid":{"rendered":"https:\/\/www.creativodigital.net\/home\/?page_id=6737"},"modified":"2016-10-08T16:54:50","modified_gmt":"2016-10-08T16:54:50","slug":"ilustracion-y-diseno","status":"publish","type":"page","link":"https:\/\/www.creativodigital.net\/home\/ilustracion-y-diseno\/","title":{"rendered":"Ilustraci\u00f3n y Dise\u00f1o"},"content":{"rendered":"<section class=\"wpb-content-wrapper\"><p>[vc_row heading_color=\u00bbprimary-1&#8243; section_type=\u00bbfullwidth-element\u00bb flex_height=\u00bbyes\u00bb][vc_column]<div class=\"eut-element eut-hr \" style=\"padding-top: 0px;padding-bottom: 0px;\"><div class=\"eut-dashed-line-divider\"><\/div><\/div><div class=\"eut-element eut-image-text\" style=\"margin-bottom: 0px;\"><div class=\"eut-image\"><img width=\"1498\" height=\"1016\" src=\"https:\/\/www.creativodigital.net\/home\/wp-content\/uploads\/2016\/05\/img_servicios_ilustracion.png\" class=\"attachment-full size-full\" alt=\"\" decoding=\"async\" loading=\"lazy\" srcset=\"https:\/\/www.creativodigital.net\/home\/wp-content\/uploads\/2016\/05\/img_servicios_ilustracion.png 1498w, https:\/\/www.creativodigital.net\/home\/wp-content\/uploads\/2016\/05\/img_servicios_ilustracion-300x203.png 300w, https:\/\/www.creativodigital.net\/home\/wp-content\/uploads\/2016\/05\/img_servicios_ilustracion-768x521.png 768w, https:\/\/www.creativodigital.net\/home\/wp-content\/uploads\/2016\/05\/img_servicios_ilustracion-1024x695.png 1024w\" sizes=\"(max-width: 1498px) 100vw, 1498px\" \/><\/div>  <div class=\"eut-content eut-align-left\"><h3>Ilustraci\u00f3n y Dise\u00f1o<\/h3>  <p>El dise\u00f1o gr\u00e1fico es el uso de formas, colores, s\u00edmbolos y tipograf\u00edas para comunicar mensajes de cualquier tipo. Podemos decir que es la comunicaci\u00f3n creativa mediante el uso de la imagen.<br \/>\nDamos vida a tus ideas<br \/>\n\u2013 Dise\u00f1o editorial<br \/>\n\u2013 Dise\u00f1o grafico<br \/>\n\u2013 Dise\u00f1o de Personajes \/ Mascotas<br \/>\n\u2013 Dise\u00f1o de concepto para eventos<\/p>  <\/div><\/div><div class=\"eut-element eut-hr \" style=\"\"><div class=\"eut-dashed-line-divider\"><\/div><\/div>[\/vc_column][\/vc_row][vc_row heading_color=\u00bborange\u00bb][vc_column]<div class=\"eut-element eut-callout eut-btn-bottom\" style=\"\">  <div class=\"eut-callout-wrapper\"><h3 class=\"eut-callout-content\">\u00bfTienes alg\u00fan proyecto?<\/h3>    <p class=\"eut-leader-text\">Contactanos y permitenos ayudarte con la imagen de tu proyecto. Uno de nuestros ejecutivos se pondr\u00e1 en contacto con usted.<\/p>  <\/div>  <div class=\"eut-button-wrapper\"><a class=\"eut-btn eut-btn-medium eut-square eut-bg-primary-1 eut-btn-line\" href=\"mailto:produccion@creativodigital.net\" target=\"_self\" style=\"\"><span>Solicitar Informaci\u00f3n<\/span><\/a>  <\/div><\/div>[\/vc_column][\/vc_row]<\/p>\n<\/section>","protected":false},"excerpt":{"rendered":"<p>[vc_row heading_color=\u00bbprimary-1&#8243; section_type=\u00bbfullwidth-element\u00bb flex_height=\u00bbyes\u00bb][vc_column][\/vc_column][\/vc_row][vc_row heading_color=\u00bborange\u00bb][vc_column][\/vc_column][\/vc_row]<\/p>\n","protected":false},"author":1,"featured_media":0,"parent":0,"menu_order":0,"comment_status":"closed","ping_status":"closed","template":"","meta":{"footnotes":""},"yoast_head":"<title>Ilustraci\u00f3n y Dise\u00f1o - Creativo: Agencia de Dise\u00f1o<\/title>\n<meta name=\"robots\" content=\"index, follow, max-snippet:-1, max-image-preview:large, max-video-preview:-1\" \/>\n<link rel=\"canonical\" href=\"https:\/\/www.creativodigital.net\/home\/ilustracion-y-diseno\/\" \/>\n<meta property=\"og:locale\" content=\"es_ES\" \/>\n<meta property=\"og:type\" content=\"article\" \/>\n<meta property=\"og:title\" content=\"Ilustraci\u00f3n y Dise\u00f1o - Creativo: Agencia de Dise\u00f1o\" \/>\n<meta property=\"og:description\" content=\"[vc_row heading_color=\u00bbprimary-1&#8243; section_type=\u00bbfullwidth-element\u00bb flex_height=\u00bbyes\u00bb][vc_column][\/vc_column][\/vc_row][vc_row heading_color=\u00bborange\u00bb][vc_column][\/vc_column][\/vc_row]\" \/>\n<meta property=\"og:url\" content=\"https:\/\/www.creativodigital.net\/home\/ilustracion-y-diseno\/\" \/>\n<meta property=\"og:site_name\" content=\"Creativo: Agencia de Dise\u00f1o\" \/>\n<meta property=\"article:modified_time\" content=\"2016-10-08T16:54:50+00:00\" \/>\n<meta name=\"twitter:card\" content=\"summary_large_image\" \/>\n<meta name=\"twitter:label1\" content=\"Tiempo de lectura\" \/>\n\t<meta name=\"twitter:data1\" content=\"1 minuto\" \/>\n<script type=\"application\/ld+json\" class=\"yoast-schema-graph\">{\"@context\":\"https:\/\/schema.org\",\"@graph\":[{\"@type\":\"WebPage\",\"@id\":\"https:\/\/www.creativodigital.net\/home\/ilustracion-y-diseno\/\",\"url\":\"https:\/\/www.creativodigital.net\/home\/ilustracion-y-diseno\/\",\"name\":\"Ilustraci\u00f3n y Dise\u00f1o - Creativo: Agencia de Dise\u00f1o\",\"isPartOf\":{\"@id\":\"https:\/\/www.creativodigital.net\/home\/#website\"},\"datePublished\":\"2016-10-08T16:19:22+00:00\",\"dateModified\":\"2016-10-08T16:54:50+00:00\",\"breadcrumb\":{\"@id\":\"https:\/\/www.creativodigital.net\/home\/ilustracion-y-diseno\/#breadcrumb\"},\"inLanguage\":\"es\",\"potentialAction\":[{\"@type\":\"ReadAction\",\"target\":[\"https:\/\/www.creativodigital.net\/home\/ilustracion-y-diseno\/\"]}]},{\"@type\":\"BreadcrumbList\",\"@id\":\"https:\/\/www.creativodigital.net\/home\/ilustracion-y-diseno\/#breadcrumb\",\"itemListElement\":[{\"@type\":\"ListItem\",\"position\":1,\"name\":\"Portada\",\"item\":\"https:\/\/www.creativodigital.net\/home\/\"},{\"@type\":\"ListItem\",\"position\":2,\"name\":\"Ilustraci\u00f3n y Dise\u00f1o\"}]},{\"@type\":\"WebSite\",\"@id\":\"https:\/\/www.creativodigital.net\/home\/#website\",\"url\":\"https:\/\/www.creativodigital.net\/home\/\",\"name\":\"Creativo: Agencia de Dise\u00f1o\",\"description\":\"Somos una agencia de dise\u00f1o, nos especializamos en imagen corporativa, dise\u00f1o web, multimedia y visualizaciones arquitectonicas 3D\",\"potentialAction\":[{\"@type\":\"SearchAction\",\"target\":{\"@type\":\"EntryPoint\",\"urlTemplate\":\"https:\/\/www.creativodigital.net\/home\/?s={search_term_string}\"},\"query-input\":\"required name=search_term_string\"}],\"inLanguage\":\"es\"}]}<\/script>","yoast_head_json":{"title":"Ilustraci\u00f3n y Dise\u00f1o - Creativo: Agencia de Dise\u00f1o","robots":{"index":"index","follow":"follow","max-snippet":"max-snippet:-1","max-image-preview":"max-image-preview:large","max-video-preview":"max-video-preview:-1"},"canonical":"https:\/\/www.creativodigital.net\/home\/ilustracion-y-diseno\/","og_locale":"es_ES","og_type":"article","og_title":"Ilustraci\u00f3n y Dise\u00f1o - Creativo: Agencia de Dise\u00f1o","og_description":"[vc_row heading_color=\u00bbprimary-1&#8243; section_type=\u00bbfullwidth-element\u00bb flex_height=\u00bbyes\u00bb][vc_column][\/vc_column][\/vc_row][vc_row heading_color=\u00bborange\u00bb][vc_column][\/vc_column][\/vc_row]","og_url":"https:\/\/www.creativodigital.net\/home\/ilustracion-y-diseno\/","og_site_name":"Creativo: Agencia de Dise\u00f1o","article_modified_time":"2016-10-08T16:54:50+00:00","twitter_card":"summary_large_image","twitter_misc":{"Tiempo de lectura":"1 minuto"},"schema":{"@context":"https:\/\/schema.org","@graph":[{"@type":"WebPage","@id":"https:\/\/www.creativodigital.net\/home\/ilustracion-y-diseno\/","url":"https:\/\/www.creativodigital.net\/home\/ilustracion-y-diseno\/","name":"Ilustraci\u00f3n y Dise\u00f1o - Creativo: Agencia de Dise\u00f1o","isPartOf":{"@id":"https:\/\/www.creativodigital.net\/home\/#website"},"datePublished":"2016-10-08T16:19:22+00:00","dateModified":"2016-10-08T16:54:50+00:00","breadcrumb":{"@id":"https:\/\/www.creativodigital.net\/home\/ilustracion-y-diseno\/#breadcrumb"},"inLanguage":"es","potentialAction":[{"@type":"ReadAction","target":["https:\/\/www.creativodigital.net\/home\/ilustracion-y-diseno\/"]}]},{"@type":"BreadcrumbList","@id":"https:\/\/www.creativodigital.net\/home\/ilustracion-y-diseno\/#breadcrumb","itemListElement":[{"@type":"ListItem","position":1,"name":"Portada","item":"https:\/\/www.creativodigital.net\/home\/"},{"@type":"ListItem","position":2,"name":"Ilustraci\u00f3n y Dise\u00f1o"}]},{"@type":"WebSite","@id":"https:\/\/www.creativodigital.net\/home\/#website","url":"https:\/\/www.creativodigital.net\/home\/","name":"Creativo: Agencia de Dise\u00f1o","description":"Somos una agencia de dise\u00f1o, nos especializamos en imagen corporativa, dise\u00f1o web, multimedia y visualizaciones arquitectonicas 3D","potentialAction":[{"@type":"SearchAction","target":{"@type":"EntryPoint","urlTemplate":"https:\/\/www.creativodigital.net\/home\/?s={search_term_string}"},"query-input":"required name=search_term_string"}],"inLanguage":"es"}]}},"_links":{"self":[{"href":"https:\/\/www.creativodigital.net\/home\/wp-json\/wp\/v2\/pages\/6737"}],"collection":[{"href":"https:\/\/www.creativodigital.net\/home\/wp-json\/wp\/v2\/pages"}],"about":[{"href":"https:\/\/www.creativodigital.net\/home\/wp-json\/wp\/v2\/types\/page"}],"author":[{"embeddable":true,"href":"https:\/\/www.creativodigital.net\/home\/wp-json\/wp\/v2\/users\/1"}],"replies":[{"embeddable":true,"href":"https:\/\/www.creativodigital.net\/home\/wp-json\/wp\/v2\/comments?post=6737"}],"version-history":[{"count":3,"href":"https:\/\/www.creativodigital.net\/home\/wp-json\/wp\/v2\/pages\/6737\/revisions"}],"predecessor-version":[{"id":6762,"href":"https:\/\/www.creativodigital.net\/home\/wp-json\/wp\/v2\/pages\/6737\/revisions\/6762"}],"wp:attachment":[{"href":"https:\/\/www.creativodigital.net\/home\/wp-json\/wp\/v2\/media?parent=6737"}],"curies":[{"name":"wp","href":"https:\/\/api.w.org\/{rel}","templated":true}]}}